{"id":54,"date":"2025-03-26T15:58:28","date_gmt":"2025-03-26T14:58:28","guid":{"rendered":"https:\/\/vikoring.hu\/?page_id=54"},"modified":"2025-05-18T16:33:19","modified_gmt":"2025-05-18T14:33:19","slug":"termekek","status":"publish","type":"page","link":"http:\/\/vikoring.hu\/?page_id=54","title":{"rendered":"Term\u00e9kek"},"content":{"rendered":"\n<p><strong>Fedezd fel embl\u00e9m\u00e1zhat\u00f3 ruh\u00e1zati k\u00edn\u00e1latunkat!<\/strong><br>Min\u0151s\u00e9gi p\u00f3l\u00f3k, gall\u00e9ros fels\u0151k \u00e9s prom\u00f3ci\u00f3s ruhadarabok, amelyek t\u00f6k\u00e9letesen alkalmasak c\u00e9ges megjelen\u00e9shez, munkaruh\u00e1zatnak vagy rekl\u00e1maj\u00e1nd\u00e9knak. V\u00e1logass testhez\u00e1ll\u00f3 n\u0151i fazonok, klasszikus f\u00e9rfi modellek \u00e9s uniszex darabok k\u00f6z\u00fcl, amelyek nemcsak k\u00e9nyelmesek, hanem remek\u00fcl nyomtathat\u00f3k is. Legyen sz\u00f3 UV nyomtat\u00e1sr\u00f3l, h\u00edmz\u00e9sr\u0151l vagy m\u00e1s embl\u00e9m\u00e1z\u00e1si technik\u00e1r\u00f3l, ezek a ruh\u00e1k ide\u00e1lis alapot biztos\u00edtanak m\u00e1rk\u00e1d megjelen\u00edt\u00e9s\u00e9hez.<\/p>\n\n\n\n<div class=\"is-layout-flex wp-container-6 wp-block-columns has-small-font-size\">\n<div class=\"is-layout-flow wp-block-column\"><div class=\"wp-block-image\">\n<figure class=\"aligncenter size-full is-resized\"><a href=\"https:\/\/utteam.com\/hu\/katalogus\/termek\/gi64000\"><img decoding=\"async\" loading=\"lazy\" src=\"https:\/\/vikoring.hu\/wp-content\/uploads\/2025\/05\/gi64000-6-3.png\" alt=\"\" class=\"wp-image-129\" width=\"213\" height=\"320\" srcset=\"http:\/\/vikoring.hu\/wp-content\/uploads\/2025\/05\/gi64000-6-3.png 426w, http:\/\/vikoring.hu\/wp-content\/uploads\/2025\/05\/gi64000-6-3-200x300.png 200w\" sizes=\"(max-width: 213px) 100vw, 213px\" \/><\/a><figcaption class=\"wp-element-caption\">A GI4000 uniszex p\u00f3l\u00f3 100% pamutb\u00f3l k\u00e9sz\u00fclt, oldalt varr\u00e1s n\u00e9lk\u00fcli, k\u00f6zepes gramms\u00faly\u00fa (180 g\/m\u00b2) anyag\u00e1val k\u00e9nyelmes viseletet biztos\u00edt. Sz\u00e9les m\u00e9retv\u00e1laszt\u00e9kban, t\u00f6bb sz\u00ednben \u00e9rhet\u0151 el, ide\u00e1lis c\u00e9ges log\u00f3z\u00e1shoz vagy prom\u00f3ci\u00f3s c\u00e9lokra. <\/figcaption><\/figure><\/div><\/div>\n\n\n\n<div class=\"is-layout-flow wp-block-column\"><div class=\"wp-block-image\">\n<figure class=\"aligncenter size-full is-resized\"><a href=\"https:\/\/utteam.com\/hu\/katalogus\/termek\/so01825\"><img decoding=\"async\" loading=\"lazy\" src=\"http:\/\/vikoring.hu\/wp-content\/uploads\/2025\/05\/so01825-5.jpg\" alt=\"\" class=\"wp-image-112\" width=\"214\" height=\"320\" srcset=\"http:\/\/vikoring.hu\/wp-content\/uploads\/2025\/05\/so01825-5.jpg 427w, http:\/\/vikoring.hu\/wp-content\/uploads\/2025\/05\/so01825-5-200x300.jpg 200w\" sizes=\"(max-width: 214px) 100vw, 214px\" \/><\/a><figcaption class=\"wp-element-caption\">A SO01825 egy pr\u00e9mium min\u0151s\u00e9g\u0171, n\u0151i gall\u00e9ros p\u00f3l\u00f3, amely 100% gy\u0171r\u0171s fon\u00e1s\u00fa pamutb\u00f3l k\u00e9sz\u00fclt, \u00edgy tart\u00f3s \u00e9s k\u00e9nyelmes viseletet biztos\u00edt. Klasszikus, n\u0151ies szab\u00e1s\u00e1val \u00e9s eleg\u00e1ns r\u00e9szleteivel t\u00f6k\u00e9letes v\u00e1laszt\u00e1s munkaruh\u00e1zatk\u00e9nt vagy c\u00e9ges megjelen\u00e9shez.<\/figcaption><\/figure><\/div><\/div>\n\n\n\n<div class=\"is-layout-flow wp-block-column\"><div class=\"wp-block-image\">\n<figure class=\"aligncenter size-full is-resized\"><a href=\"https:\/\/utteam.com\/hu\/katalogus\/termek\/so11380\"><img decoding=\"async\" loading=\"lazy\" src=\"http:\/\/vikoring.hu\/wp-content\/uploads\/2025\/05\/so11380-3-1.jpg\" alt=\"\" class=\"wp-image-123\" width=\"214\" height=\"320\" srcset=\"http:\/\/vikoring.hu\/wp-content\/uploads\/2025\/05\/so11380-3-1.jpg 427w, http:\/\/vikoring.hu\/wp-content\/uploads\/2025\/05\/so11380-3-1-200x300.jpg 200w\" sizes=\"(max-width: 214px) 100vw, 214px\" \/><\/a><\/figure><\/div>\n\n\n<p class=\"has-text-align-center\">A SO11380 egy modern szab\u00e1s\u00fa, f\u00e9rfi gall\u00e9ros p\u00f3l\u00f3, amely puha tapint\u00e1s\u00fa, kevert anyagb\u00f3l (95% pamut, 5% elaszt\u00e1n) k\u00e9sz\u00fcl. Rugalmas \u00e9s k\u00e9nyelmes viseletet ny\u00fajt, eleg\u00e1ns megjelen\u00e9s\u00e9nek k\u00f6sz\u00f6nhet\u0151en ide\u00e1lis c\u00e9ges vagy prom\u00f3ci\u00f3s c\u00e9lokra.<\/p>\n<\/div>\n\n\n\n<div class=\"is-layout-flow wp-block-column\"><div class=\"wp-block-image\">\n<figure class=\"aligncenter size-large is-resized\"><a href=\"https:\/\/poweargifts.hu\/reszletek\/luanda-kereknyaku-polo\/12304\/0\/0\/0\/0\/0\/0.html\"><img decoding=\"async\" loading=\"lazy\" src=\"http:\/\/vikoring.hu\/wp-content\/uploads\/2025\/05\/LUANDA_emo_2024-1-819x1024.jpg\" alt=\"A Luanda kereknyak\u00fa p\u00f3l\u00f3 f\u00e9rfi fazon\u00fa, klasszikus szab\u00e1s\u00fa, 100% pamutb\u00f3l k\u00e9sz\u00fclt k\u00f6nny\u0171 (150 g\/m\u00b2) p\u00f3l\u00f3. Sz\u00e9les sz\u00ednv\u00e1laszt\u00e9ka \u00e9s egyszer\u0171 vonalvezet\u00e9se miatt kiv\u00e1l\u00f3 v\u00e1laszt\u00e1s prom\u00f3ci\u00f3s c\u00e9lokra vagy mindennapi haszn\u00e1latra, \u00e9s el\u00e9rhet\u0151 sz\u00ednek a k\u00e9pre kattintva\" class=\"wp-image-126\" width=\"205\" height=\"256\" srcset=\"http:\/\/vikoring.hu\/wp-content\/uploads\/2025\/05\/LUANDA_emo_2024-1-819x1024.jpg 819w, http:\/\/vikoring.hu\/wp-content\/uploads\/2025\/05\/LUANDA_emo_2024-1-240x300.jpg 240w, http:\/\/vikoring.hu\/wp-content\/uploads\/2025\/05\/LUANDA_emo_2024-1-768x961.jpg 768w, http:\/\/vikoring.hu\/wp-content\/uploads\/2025\/05\/LUANDA_emo_2024-1.jpg 1100w\" sizes=\"(max-width: 205px) 100vw, 205px\" \/><\/a><figcaption class=\"wp-element-caption\">A Luanda kereknyak\u00fa p\u00f3l\u00f3 f\u00e9rfi fazon\u00fa, klasszikus szab\u00e1s\u00fa, 100% pamutb\u00f3l k\u00e9sz\u00fclt k\u00f6nny\u0171 (150 g\/m\u00b2) p\u00f3l\u00f3. Sz\u00e9les sz\u00ednv\u00e1laszt\u00e9ka \u00e9s egyszer\u0171 vonalvezet\u00e9se miatt kiv\u00e1l\u00f3 v\u00e1laszt\u00e1s prom\u00f3ci\u00f3s c\u00e9lokra vagy mindennapi haszn\u00e1latra. <\/figcaption><\/figure><\/div><\/div>\n\n\n\n<div class=\"is-layout-flow wp-block-column\"><div class=\"wp-block-image\">\n<figure class=\"aligncenter size-large is-resized\"><a href=\"https:\/\/poweargifts.hu\/reszletek\/sofia-kereknyaku-noi-polo\/12358\/0\/0\/0\/0\/0\/0.html\"><img decoding=\"async\" loading=\"lazy\" src=\"http:\/\/vikoring.hu\/wp-content\/uploads\/2025\/05\/SOFIA_emo_2024-819x1024.jpg\" alt=\"\" class=\"wp-image-142\" width=\"205\" height=\"256\" srcset=\"http:\/\/vikoring.hu\/wp-content\/uploads\/2025\/05\/SOFIA_emo_2024-819x1024.jpg 819w, http:\/\/vikoring.hu\/wp-content\/uploads\/2025\/05\/SOFIA_emo_2024-240x300.jpg 240w, http:\/\/vikoring.hu\/wp-content\/uploads\/2025\/05\/SOFIA_emo_2024-768x960.jpg 768w, http:\/\/vikoring.hu\/wp-content\/uploads\/2025\/05\/SOFIA_emo_2024.jpg 1100w\" sizes=\"(max-width: 205px) 100vw, 205px\" \/><\/a><figcaption class=\"wp-element-caption\">A Sofia kereknyak\u00fa n\u0151i p\u00f3l\u00f3 testhez\u00e1ll\u00f3 szab\u00e1s\u00fa, rugalmas anyagb\u00f3l (95% pamut, 5% elaszt\u00e1n) k\u00e9sz\u00fclt, \u00edgy k\u00e9nyelmes \u00e9s j\u00f3l illeszkedik. Modern megjelen\u00e9se \u00e9s puha tapint\u00e1sa ide\u00e1liss\u00e1 teszi c\u00e9ges megjelen\u00e9shez vagy prom\u00f3ci\u00f3s c\u00e9lokra.<\/figcaption><\/figure><\/div><\/div>\n<\/div>\n\n\n\n<div class=\"is-layout-flex wp-container-14 wp-block-columns\">\n<div class=\"is-layout-flow wp-block-column\">\n<div class=\"is-layout-flex wp-container-12 wp-block-columns\">\n<div class=\"is-layout-flow wp-block-column\"><div class=\"wp-block-image\">\n<figure class=\"aligncenter size-large is-resized\"><a href=\"https:\/\/poweargifts.hu\/reszletek\/ankara-kereknyaku-polo\/12232\/0\/0\/0\/0\/0\/0.html\"><img decoding=\"async\" loading=\"lazy\" src=\"http:\/\/vikoring.hu\/wp-content\/uploads\/2025\/05\/ANKARA_emo_2025-819x1024.jpg\" alt=\"\" class=\"wp-image-164\" width=\"205\" height=\"256\" srcset=\"http:\/\/vikoring.hu\/wp-content\/uploads\/2025\/05\/ANKARA_emo_2025-819x1024.jpg 819w, http:\/\/vikoring.hu\/wp-content\/uploads\/2025\/05\/ANKARA_emo_2025-240x300.jpg 240w, http:\/\/vikoring.hu\/wp-content\/uploads\/2025\/05\/ANKARA_emo_2025-768x960.jpg 768w, http:\/\/vikoring.hu\/wp-content\/uploads\/2025\/05\/ANKARA_emo_2025.jpg 1100w\" sizes=\"(max-width: 205px) 100vw, 205px\" \/><\/a><figcaption class=\"wp-element-caption\">Az Ankara kereknyak\u00fa p\u00f3l\u00f3 f\u00e9rfi fazon\u00fa, 100% pamutb\u00f3l k\u00e9sz\u00fclt, 190 g\/m\u00b2 anyagvastags\u00e1g\u00e1nak k\u00f6sz\u00f6nhet\u0151en strapab\u00edr\u00f3 \u00e9s tart\u00f3s. Klasszikus szab\u00e1sa \u00e9s gazdag sz\u00ednv\u00e1laszt\u00e9ka miatt kiv\u00e1l\u00f3an alkalmas munkaruh\u00e1zathoz vagy prom\u00f3ci\u00f3s c\u00e9lokra.<\/figcaption><\/figure><\/div><\/div>\n\n\n\n<div class=\"is-layout-flow wp-block-column\"><div class=\"wp-block-image\">\n<figure class=\"aligncenter size-large is-resized\"><a href=\"https:\/\/poweargifts.hu\/reszletek\/ankara-women-kereknyaku-polo\/12238\/0\/0\/0\/0\/0\/0.html\"><img decoding=\"async\" loading=\"lazy\" src=\"http:\/\/vikoring.hu\/wp-content\/uploads\/2025\/05\/ANKARA_WOMEN_emo_2025-819x1024.jpg\" alt=\"\" class=\"wp-image-166\" width=\"205\" height=\"256\" srcset=\"http:\/\/vikoring.hu\/wp-content\/uploads\/2025\/05\/ANKARA_WOMEN_emo_2025-819x1024.jpg 819w, http:\/\/vikoring.hu\/wp-content\/uploads\/2025\/05\/ANKARA_WOMEN_emo_2025-240x300.jpg 240w, http:\/\/vikoring.hu\/wp-content\/uploads\/2025\/05\/ANKARA_WOMEN_emo_2025-768x960.jpg 768w, http:\/\/vikoring.hu\/wp-content\/uploads\/2025\/05\/ANKARA_WOMEN_emo_2025.jpg 1100w\" sizes=\"(max-width: 205px) 100vw, 205px\" \/><\/a><figcaption class=\"wp-element-caption\">Az Ankara Women kereknyak\u00fa p\u00f3l\u00f3 n\u0151i fazonban k\u00e9sz\u00fclt, 100% pamutb\u00f3l, 190 g\/m\u00b2 vastags\u00e1ggal, \u00edgy k\u00e9nyelmes \u00e9s tart\u00f3s viseletet biztos\u00edt. Karcs\u00fas\u00edtott szab\u00e1s\u00e1nak \u00e9s sz\u00e9les sz\u00ednv\u00e1laszt\u00e9k\u00e1nak k\u00f6sz\u00f6nhet\u0151en ide\u00e1lis c\u00e9ges megjelen\u00e9shez vagy prom\u00f3ci\u00f3s c\u00e9lokra.<\/figcaption><\/figure><\/div><\/div>\n\n\n\n<div class=\"is-layout-flow wp-block-column\"><div class=\"wp-block-image\">\n<figure class=\"aligncenter size-full is-resized\"><a href=\"https:\/\/utteam.com\/hu\/katalogus\/termek\/so11500\"><img decoding=\"async\" loading=\"lazy\" src=\"https:\/\/vikoring.hu\/wp-content\/uploads\/2025\/05\/so11500-1.jpg\" alt=\"\" class=\"wp-image-170\" width=\"214\" height=\"320\" srcset=\"http:\/\/vikoring.hu\/wp-content\/uploads\/2025\/05\/so11500-1.jpg 427w, http:\/\/vikoring.hu\/wp-content\/uploads\/2025\/05\/so11500-1-200x300.jpg 200w\" sizes=\"(max-width: 214px) 100vw, 214px\" \/><\/a><figcaption class=\"wp-element-caption\">A SO11500 egy klasszikus szab\u00e1s\u00fa, f\u00e9rfi gall\u00e9ros p\u00f3l\u00f3, amely 100% gy\u0171r\u0171s fon\u00e1s\u00fa pamutb\u00f3l k\u00e9sz\u00fclt, \u00edgy k\u00e9nyelmes \u00e9s j\u00f3l szell\u0151z\u0151 viseletet biztos\u00edt. Strapab\u00edr\u00f3 anyaga \u00e9s letisztult megjelen\u00e9se miatt t\u00f6k\u00e9letes v\u00e1laszt\u00e1s c\u00e9ges vagy prom\u00f3ci\u00f3s c\u00e9lokra.<\/figcaption><\/figure><\/div><\/div>\n\n\n\n<div class=\"is-layout-flow wp-block-column\"><div class=\"wp-block-image\">\n<figure class=\"aligncenter size-full is-resized\"><a href=\"https:\/\/utteam.com\/hu\/katalogus\/termek\/so11502\"><img decoding=\"async\" loading=\"lazy\" src=\"https:\/\/vikoring.hu\/wp-content\/uploads\/2025\/05\/so11502-5.jpg\" alt=\"\" class=\"wp-image-172\" width=\"214\" height=\"320\" srcset=\"http:\/\/vikoring.hu\/wp-content\/uploads\/2025\/05\/so11502-5.jpg 427w, http:\/\/vikoring.hu\/wp-content\/uploads\/2025\/05\/so11502-5-200x300.jpg 200w\" sizes=\"(max-width: 214px) 100vw, 214px\" \/><\/a><figcaption class=\"wp-element-caption\">A SO11502 egy st\u00edlusos n\u0151i gall\u00e9ros p\u00f3l\u00f3, amely 100% gy\u0171r\u0171s fon\u00e1s\u00fa pamutb\u00f3l k\u00e9sz\u00fclt a tart\u00f3ss\u00e1g \u00e9s k\u00e9nyelem jegy\u00e9ben. Karcs\u00fas\u00edtott szab\u00e1sa, letisztult megjelen\u00e9se \u00e9s kiv\u00e1l\u00f3 embl\u00e9m\u00e1zhat\u00f3s\u00e1ga ide\u00e1liss\u00e1 teszi c\u00e9ges \u00f6lt\u00f6zethez vagy prom\u00f3ci\u00f3s megjelen\u00e9shez.<\/figcaption><\/figure><\/div><\/div>\n\n\n\n<div class=\"is-layout-flow wp-block-column\"><div class=\"wp-block-image\">\n<figure class=\"aligncenter size-full is-resized\"><img decoding=\"async\" loading=\"lazy\" src=\"https:\/\/vikoring.hu\/wp-content\/uploads\/2025\/05\/so00580-3.jpg\" alt=\"\" class=\"wp-image-175\" width=\"214\" height=\"320\" srcset=\"http:\/\/vikoring.hu\/wp-content\/uploads\/2025\/05\/so00580-3.jpg 427w, http:\/\/vikoring.hu\/wp-content\/uploads\/2025\/05\/so00580-3-200x300.jpg 200w\" sizes=\"(max-width: 214px) 100vw, 214px\" \/><figcaption class=\"wp-element-caption\">A SO00580 egy id\u0151t\u00e1ll\u00f3, f\u00e9rfi gall\u00e9ros p\u00f3l\u00f3, amely 100% pamutb\u00f3l k\u00e9sz\u00fclt a klasszikus megjelen\u00e9s \u00e9s k\u00e9nyelmes viselet \u00e9rdek\u00e9ben. Letisztult szab\u00e1sa \u00e9s megb\u00edzhat\u00f3 anyaghaszn\u00e1lata miatt ide\u00e1lis v\u00e1laszt\u00e1s mindennapi munkaruha vagy c\u00e9ges arculatot er\u0151s\u00edt\u0151 darabk\u00e9nt.<\/figcaption><\/figure><\/div><\/div>\n<\/div>\n<\/div>\n<\/div>\n\n\n\n<div class=\"is-layout-flex wp-container-20 wp-block-columns\">\n<div class=\"is-layout-flow wp-block-column\"><div class=\"wp-block-image\">\n<figure class=\"aligncenter size-full is-resized\"><img decoding=\"async\" loading=\"lazy\" src=\"https:\/\/vikoring.hu\/wp-content\/uploads\/2025\/05\/gi65000-1.png\" alt=\"\" class=\"wp-image-178\" width=\"213\" height=\"320\" srcset=\"http:\/\/vikoring.hu\/wp-content\/uploads\/2025\/05\/gi65000-1.png 426w, http:\/\/vikoring.hu\/wp-content\/uploads\/2025\/05\/gi65000-1-200x300.png 200w\" sizes=\"(max-width: 213px) 100vw, 213px\" \/><figcaption class=\"wp-element-caption\">A GI65000 egy sportos st\u00edlus\u00fa, f\u00e9rfi hossz\u00fa ujj\u00fa p\u00f3l\u00f3, amely 100% pamutb\u00f3l k\u00e9sz\u00fclt, k\u00f6zepes vastags\u00e1g\u00fa (180 g\/m\u00b2) anyaggal a k\u00e9nyelem jegy\u00e9ben. Klasszikus fazonja \u00e9s puha tapint\u00e1sa miatt remek v\u00e1laszt\u00e1s h\u0171v\u00f6sebb napokra, c\u00e9ges megjelen\u00e9shez vagy prom\u00f3ci\u00f3s c\u00e9lokra.<\/figcaption><\/figure><\/div><\/div>\n\n\n\n<div class=\"is-layout-flow wp-block-column\"><div class=\"wp-block-image\">\n<figure class=\"aligncenter size-full is-resized\"><a href=\"https:\/\/utteam.com\/hu\/katalogus\/termek\/gil65000\"><img decoding=\"async\" loading=\"lazy\" src=\"https:\/\/vikoring.hu\/wp-content\/uploads\/2025\/05\/gil65000-2.png\" alt=\"\" class=\"wp-image-180\" width=\"213\" height=\"320\" srcset=\"http:\/\/vikoring.hu\/wp-content\/uploads\/2025\/05\/gil65000-2.png 426w, http:\/\/vikoring.hu\/wp-content\/uploads\/2025\/05\/gil65000-2-200x300.png 200w\" sizes=\"(max-width: 213px) 100vw, 213px\" \/><\/a><figcaption class=\"wp-element-caption\">A GIL65000 egy hossz\u00fa ujj\u00fa, n\u0151i fazon\u00fa p\u00f3l\u00f3, amely 100% pamutb\u00f3l k\u00e9sz\u00fclt, k\u00f6zepes s\u00faly\u00fa (180 g\/m\u00b2) anyaggal a tart\u00f3s k\u00e9nyelem\u00e9rt. Karcs\u00fas\u00edtott szab\u00e1sa \u00e9s letisztult megjelen\u00e9se ide\u00e1liss\u00e1 teszi c\u00e9ges arculathoz, prom\u00f3ci\u00f3s c\u00e9lokra vagy mindennapi viseletk\u00e9nt.<\/figcaption><\/figure><\/div><\/div>\n\n\n\n<div class=\"is-layout-flow wp-block-column\"><div class=\"wp-block-image\">\n<figure class=\"aligncenter size-medium is-resized\"><a href=\"https:\/\/shop.malfini.com\/hu\/hu\/product\/basic-129?color=64\"><img decoding=\"async\" loading=\"lazy\" src=\"https:\/\/vikoring.hu\/wp-content\/uploads\/2025\/05\/Kepernyokep-2025-05-18-161453-265x300.png\" alt=\"\" class=\"wp-image-184\" width=\"264\" height=\"299\" srcset=\"http:\/\/vikoring.hu\/wp-content\/uploads\/2025\/05\/Kepernyokep-2025-05-18-161453-265x300.png 265w, http:\/\/vikoring.hu\/wp-content\/uploads\/2025\/05\/Kepernyokep-2025-05-18-161453-768x870.png 768w, http:\/\/vikoring.hu\/wp-content\/uploads\/2025\/05\/Kepernyokep-2025-05-18-161453.png 866w\" sizes=\"(max-width: 264px) 100vw, 264px\" \/><\/a><figcaption class=\"wp-element-caption\">A Malfini Basic 129 egy klasszikus f\u00e9rfi r\u00f6vid ujj\u00fa p\u00f3l\u00f3, amely 100% pamutb\u00f3l k\u00e9sz\u00fclt, 160 g\/m\u00b2 anyagvastags\u00e1ggal a k\u00f6nnyed k\u00e9nyelem \u00e9rdek\u00e9ben. Letisztult szab\u00e1sa \u00e9s sz\u00e9les sz\u00ednv\u00e1laszt\u00e9ka miatt t\u00f6k\u00e9letes v\u00e1laszt\u00e1s h\u00e9tk\u00f6znapi viseletre, munkaruh\u00e1zatnak vagy prom\u00f3ci\u00f3s c\u00e9lokra.<\/figcaption><\/figure><\/div><\/div>\n\n\n\n<div class=\"is-layout-flow wp-block-column\"><div class=\"wp-block-image\">\n<figure class=\"aligncenter size-medium is-resized\"><a href=\"https:\/\/shop.malfini.com\/hu\/hu\/product\/basic-134?color=06\"><img decoding=\"async\" loading=\"lazy\" src=\"https:\/\/vikoring.hu\/wp-content\/uploads\/2025\/05\/Kepernyokep-2025-05-18-163012-264x300.png\" alt=\"\" class=\"wp-image-186\" width=\"264\" height=\"300\" srcset=\"http:\/\/vikoring.hu\/wp-content\/uploads\/2025\/05\/Kepernyokep-2025-05-18-163012-264x300.png 264w, http:\/\/vikoring.hu\/wp-content\/uploads\/2025\/05\/Kepernyokep-2025-05-18-163012-768x873.png 768w, http:\/\/vikoring.hu\/wp-content\/uploads\/2025\/05\/Kepernyokep-2025-05-18-163012.png 867w\" sizes=\"(max-width: 264px) 100vw, 264px\" \/><\/a><figcaption class=\"wp-element-caption\">A Malfini Basic 134 egy n\u0151i, r\u00f6vid ujj\u00fa p\u00f3l\u00f3 karcs\u00fas\u00edtott szab\u00e1ssal, amely 100% pamutb\u00f3l k\u00e9sz\u00fclt, 160 g\/m\u00b2 s\u00faly\u00fa anyaggal a k\u00f6nnyed \u00e9s k\u00e9nyelmes viselet\u00e9rt. Letisztult fazonja \u00e9s gazdag sz\u00ednv\u00e1laszt\u00e9ka ide\u00e1liss\u00e1 teszi c\u00e9ges megjelen\u00e9shez, h\u00e9tk\u00f6znapi haszn\u00e1latra vagy prom\u00f3ci\u00f3s c\u00e9lokra.<\/figcaption><\/figure><\/div><\/div>\n\n\n\n<div class=\"is-layout-flow wp-block-column\"><div class=\"wp-block-image\">\n<figure class=\"aligncenter size-medium is-resized\"><a href=\"https:\/\/shop.malfini.com\/hu\/hu\/product\/pure-122?color=c9\"><img decoding=\"async\" loading=\"lazy\" src=\"https:\/\/vikoring.hu\/wp-content\/uploads\/2025\/05\/Kepernyokep-2025-05-18-163133-264x300.png\" alt=\"\" class=\"wp-image-190\" width=\"264\" height=\"300\" srcset=\"http:\/\/vikoring.hu\/wp-content\/uploads\/2025\/05\/Kepernyokep-2025-05-18-163133-264x300.png 264w, http:\/\/vikoring.hu\/wp-content\/uploads\/2025\/05\/Kepernyokep-2025-05-18-163133-768x872.png 768w, http:\/\/vikoring.hu\/wp-content\/uploads\/2025\/05\/Kepernyokep-2025-05-18-163133.png 867w\" sizes=\"(max-width: 264px) 100vw, 264px\" \/><\/a><figcaption class=\"wp-element-caption\">A Malfini Pure 122 egy pr\u00e9mium min\u0151s\u00e9g\u0171, n\u0151i gall\u00e9ros p\u00f3l\u00f3, amely 95% pamut \u00e9s 5% elaszt\u00e1n \u00f6sszet\u00e9tel\u00e9vel rugalmas, m\u00e9gis formatart\u00f3 viseletet biztos\u00edt. Karcs\u00fas\u00edtott szab\u00e1sa \u00e9s eleg\u00e1ns megjelen\u00e9se t\u00f6k\u00e9letes v\u00e1laszt\u00e1ss\u00e1 teszi c\u00e9ges \u00f6lt\u00f6zethez vagy ig\u00e9nyes prom\u00f3ci\u00f3s c\u00e9lokra.<\/figcaption><\/figure><\/div><\/div>\n<\/div>\n\n\n\n<p><\/p>\n","protected":false},"excerpt":{"rendered":"<p>Fedezd fel embl\u00e9m\u00e1zhat\u00f3 ruh\u00e1zati k\u00edn\u00e1latunkat!Min\u0151s\u00e9gi p\u00f3l\u00f3k, gall\u00e9ros fels\u0151k \u00e9s prom\u00f3ci\u00f3s ruhadarabok, amelyek t\u00f6k\u00e9letesen alkalmasak c\u00e9ges megjelen\u00e9shez, munkaruh\u00e1zatnak vagy rekl\u00e1maj\u00e1nd\u00e9knak. V\u00e1logass testhez\u00e1ll\u00f3 n\u0151i fazonok, klasszikus f\u00e9rfi&hellip;<\/p>\n","protected":false},"author":1,"featured_media":0,"parent":0,"menu_order":0,"comment_status":"closed","ping_status":"closed","template":"","meta":[],"_links":{"self":[{"href":"http:\/\/vikoring.hu\/index.php?rest_route=\/wp\/v2\/pages\/54"}],"collection":[{"href":"http:\/\/vikoring.hu\/index.php?rest_route=\/wp\/v2\/pages"}],"about":[{"href":"http:\/\/vikoring.hu\/index.php?rest_route=\/wp\/v2\/types\/page"}],"author":[{"embeddable":true,"href":"http:\/\/vikoring.hu\/index.php?rest_route=\/wp\/v2\/users\/1"}],"replies":[{"embeddable":true,"href":"http:\/\/vikoring.hu\/index.php?rest_route=%2Fwp%2Fv2%2Fcomments&post=54"}],"version-history":[{"count":6,"href":"http:\/\/vikoring.hu\/index.php?rest_route=\/wp\/v2\/pages\/54\/revisions"}],"predecessor-version":[{"id":193,"href":"http:\/\/vikoring.hu\/index.php?rest_route=\/wp\/v2\/pages\/54\/revisions\/193"}],"wp:attachment":[{"href":"http:\/\/vikoring.hu\/index.php?rest_route=%2Fwp%2Fv2%2Fmedia&parent=54"}],"curies":[{"name":"wp","href":"https:\/\/api.w.org\/{rel}","templated":true}]}}